{"id":43,"date":"2026-07-09T16:22:36","date_gmt":"2026-07-09T15:22:36","guid":{"rendered":"https:\/\/nexus38tenerife.com\/coworking-3\/"},"modified":"2026-08-19T22:50:09","modified_gmt":"2026-08-19T21:50:09","slug":"coworking-el-medano","status":"publish","type":"page","link":"https:\/\/nexus38tenerife.com\/es\/services\/coworking-el-medano\/","title":{"rendered":"Coworking Space in El M\u00e9dano, Tenerife | 24\/7 Access | Nexus 38"},"content":{"rendered":"<div class=\"wp-block-cover alignfull is-light has-parallax is-dark\" style=\"margin-top:0;min-height:100vh;aspect-ratio:unset;\"><div class=\"wp-block-cover__image-background wp-image-202 size-large has-parallax\" style=\"background-position:50% 50%;background-image:url(https:\/\/nexus38tenerife.com\/wp-content\/uploads\/2026\/08\/nexus_38_coworking_kitesurf_lessons_gear_storage_8.jpg?w=768)\"><\/div><span aria-hidden=\"true\" class=\"wp-block-cover__background has-background-dim-40 has-background-dim\" style=\"background-color:#808480\"><\/span><div class=\"wp-block-cover__inner-container has-global-padding is-layout-constrained wp-block-cover-is-layout-constrained\">\n<p class=\"has-text-align-center has-theme-3-color has-text-color has-small-font-size wp-block-paragraph\" style=\"font-style:normal;font-weight:700;letter-spacing:3px;text-transform:uppercase\">ESPACIO DE TRABAJO<\/p>\n\n\n\n<h1 class=\"wp-block-heading has-text-align-center has-white-color has-text-color has-xx-large-font-size\" style=\"line-height:1.1\">Coworking en Nexus 38<\/h1>\n\n\n\n<p class=\"has-text-align-center has-white-color has-text-color has-medium-font-size wp-block-paragraph\" style=\"line-height:1.6\">Acceso 24\/7 \u00b7 Fibra de 1 Gb\/s \u00b7 A unos pasos de la playa \u00b7 El M\u00e9dano, Tenerife<\/p>\n<\/div><\/div>\n\n\n\n<div class=\"wp-block-cover alignfull\" style=\"margin-top:0;padding-top:var(--wp--preset--spacing--80);padding-bottom:var(--wp--preset--spacing--80);aspect-ratio:unset;\"><span aria-hidden=\"true\" class=\"wp-block-cover__background has-theme-2-background-color has-background-dim-100 has-background-dim\"><\/span><div class=\"wp-block-cover__inner-container has-global-padding is-layout-constrained wp-container-core-cover-is-layout-1c143203 wp-block-cover-is-layout-constrained\">\n<p class=\"has-text-align-center has-theme-3-color has-text-color has-small-font-size wp-block-paragraph\" style=\"font-style:normal;font-weight:700;letter-spacing:3px;text-transform:uppercase\">Conectados \u00b7 Enfocados \u00b7 Comunidad<\/p>\n\n\n\n<h2 class=\"wp-block-heading has-text-align-center has-white-color has-text-color has-x-large-font-size\" style=\"line-height:1.2\">Un espacio de trabajo dise\u00f1ado para c\u00f3mo realmente trabajas<\/h2>\n\n\n\n<p class=\"has-text-align-center has-white-color has-text-color has-medium-font-size wp-block-paragraph\" style=\"line-height:1.6\">Nexus 38 es el \u00fanico coworking de El M\u00e9dano con acceso 24\/7 y almacenamiento de equipo en las instalaciones. Luminoso, ergon\u00f3mico, y a pocos minutos de la playa: un espacio de trabajo de verdad para teletrabajadores, freelancers y n\u00f3madas digitales que quieren ser productivos sin renunciar al estilo de vida junto al mar. Caf\u00e9 gratis, fibra r\u00e1pida, y una comunidad que lo entiende.<\/p>\n\n\n\n<p class=\"has-text-align-center has-theme-3-color has-text-color has-small-font-size wp-block-paragraph\" style=\"font-style:normal;font-weight:700\">Escritorios de pie \u00b7 Sillas ergon\u00f3micas \u00b7 Fibra de 1 Gb\/s \u00b7 Acceso 24\/7 \u00b7 Caf\u00e9 y agua gratis \u00b7 Snacks gratis \u00b7 Sala de reuniones<\/p>\n\n\n\n<div class=\"wp-block-buttons is-content-justification-center is-layout-flex wp-container-core-buttons-is-layout-69bbf988 wp-block-buttons-is-layout-flex\">\n<div class=\"wp-block-button\"><a class=\"wp-block-button__link has-white-color has-text-color has-background wp-element-button\" href=\"https:\/\/wa.me\/message\/UUWWTOR7LXT6M1\" style=\"border-radius:6px;color:#ffffff;background-color:#00B4C8\"> Cont\u00e1ctanos por WhatsApp<\/a><\/div>\n<\/div>\n<\/div><\/div>\n\n\n\n<div class=\"wp-block-cover alignfull is-light has-parallax is-dark\" style=\"margin-top:0;padding-top:var(--wp--preset--spacing--80);padding-bottom:var(--wp--preset--spacing--80)\"><div class=\"wp-block-cover__image-background wp-image-201 size-large has-parallax\" style=\"background-position:50% 50%;background-image:url(https:\/\/nexus38tenerife.com\/wp-content\/uploads\/2026\/08\/nexus_38_coworking_kitesurf_lessons_gear_storage_7.jpg?w=768)\"><\/div><span aria-hidden=\"true\" class=\"wp-block-cover__background has-background-dim-40 has-background-dim\" style=\"background-color:#90918f\"><\/span><div class=\"wp-block-cover__inner-container has-global-padding is-layout-constrained wp-container-core-cover-is-layout-b3a9033e wp-block-cover-is-layout-constrained\">\n<p class=\"has-text-align-center has-theme-3-color has-text-color has-small-font-size wp-block-paragraph\" style=\"font-style:normal;font-weight:700;letter-spacing:3px;text-transform:uppercase\">Qu\u00e9 incluye<\/p>\n\n\n\n<h2 class=\"wp-block-heading has-text-align-center has-white-color has-text-color has-x-large-font-size\" style=\"margin-bottom:var(--wp--preset--spacing--60);line-height:1.2\">Todo lo que necesitas para concentrarte<\/h2>\n\n\n\n<div class=\"wp-block-columns alignwide wpcom-ai-equal-height-columns is-layout-flex wp-container-core-columns-is-layout-28f84493 wp-block-columns-is-layout-flex\">\n<div class=\"wp-block-column is-vertically-aligned-stretch wpcom-ai-equal-height-col is-vertical is-layout-flex wp-container-core-column-is-layout-aec91921 wp-block-column-is-layout-flex\" style=\"flex-basis:33.33%\">\n<div class=\"wp-block-group wpcom-ai-equal-height-card has-border-color has-theme-1-background-color has-background has-global-padding is-layout-constrained wp-container-core-group-is-layout-3bcd2578 wp-block-group-is-layout-constrained\" style=\"border-color:#94dad5;border-width:1px;border-radius:12px;padding-top:24px;padding-right:24px;padding-bottom:24px;padding-left:24px\">\n<p class=\"has-theme-3-color has-text-color has-small-font-size wp-block-paragraph\" style=\"font-style:normal;font-weight:700;letter-spacing:2px;text-transform:uppercase\">MANTENTE CONECTADO<\/p>\n\n\n\n<h3 class=\"wp-block-heading has-text-align-center has-white-color has-text-color has-large-font-size\">Internet r\u00e1pido y fiable<\/h3>\n\n\n\n<p class=\"has-white-color has-text-color wp-block-paragraph\" style=\"font-size:0.875rem;line-height:1.6\">Conexi\u00f3n de fibra de 1 Gb\/s, suficiente para videollamadas, subidas de archivos grandes y cualquier cosa que tu flujo de trabajo requiera. Wi-Fi dedicado incluido en cada pase.<\/p>\n<\/div>\n<\/div>\n\n\n\n<div class=\"wp-block-column is-vertically-aligned-stretch wpcom-ai-equal-height-col is-vertical is-layout-flex wp-container-core-column-is-layout-aec91921 wp-block-column-is-layout-flex\" style=\"flex-basis:33.33%\">\n<div class=\"wp-block-group wpcom-ai-equal-height-card has-border-color has-theme-1-background-color has-background has-global-padding is-layout-constrained wp-container-core-group-is-layout-3bcd2578 wp-block-group-is-layout-constrained\" style=\"border-color:#94dad5;border-width:1px;border-radius:12px;padding-top:24px;padding-right:24px;padding-bottom:24px;padding-left:24px\">\n<p class=\"has-theme-3-color has-text-color has-small-font-size wp-block-paragraph\" style=\"font-style:normal;font-weight:700;letter-spacing:2px;text-transform:uppercase\">TU ESPACIO<\/p>\n\n\n\n<h3 class=\"wp-block-heading has-white-color has-text-color has-large-font-size\">Configuraci\u00f3n ergon\u00f3mica<\/h3>\n\n\n\n<p class=\"has-white-color has-text-color wp-block-paragraph\" style=\"font-size:0.875rem;line-height:1.6\">Escritorios de pie, sillas ergon\u00f3micas, y un ambiente tranquilo y libre de distracciones. Elige un hot-desk flexible o un puesto fijo, lo que mejor se adapte a tu d\u00eda.<\/p>\n<\/div>\n<\/div>\n\n\n\n<div class=\"wp-block-column is-vertically-aligned-stretch wpcom-ai-equal-height-col is-vertical is-layout-flex wp-container-core-column-is-layout-aec91921 wp-block-column-is-layout-flex\" style=\"flex-basis:33.33%\">\n<div class=\"wp-block-group wpcom-ai-equal-height-card has-border-color has-theme-1-background-color has-background has-global-padding is-layout-constrained wp-container-core-group-is-layout-3bcd2578 wp-block-group-is-layout-constrained\" style=\"border-color:#94dad5;border-width:1px;border-radius:12px;padding-top:24px;padding-right:24px;padding-bottom:24px;padding-left:24px\">\n<p class=\"has-theme-3-color has-text-color has-small-font-size wp-block-paragraph\" style=\"font-style:normal;font-weight:700;letter-spacing:2px;text-transform:uppercase\">LOS EXTRAS<\/p>\n\n\n\n<h3 class=\"wp-block-heading has-white-color has-text-color has-large-font-size\">M\u00e1s que un escritorio<\/h3>\n\n\n\n<p class=\"has-white-color has-text-color wp-block-paragraph\" style=\"font-size:0.875rem;line-height:1.6\">Caf\u00e9, agua y snacks gratis. Acceso a sala de reuniones* (gratis para titulares de pase semanal o superior). Una comunidad acogedora de teletrabajadores y n\u00f3madas. Taquillas disponibles para guardar tu propio equipo. <\/p>\n<\/div>\n<\/div>\n<\/div>\n<\/div><\/div>\n\n\n\n<div class=\"wp-block-group alignfull has-theme-2-background-color has-background has-global-padding is-layout-constrained wp-container-core-group-is-layout-b3a9033e wp-block-group-is-layout-constrained\" style=\"margin-top:0;padding-top:var(--wp--preset--spacing--80);padding-bottom:var(--wp--preset--spacing--80)\">\n<p class=\"has-text-align-center has-theme-3-color has-text-color has-small-font-size wp-block-paragraph\" style=\"font-style:normal;font-weight:700;letter-spacing:3px;text-transform:uppercase\">Tarifas transparentes<\/p>\n\n\n\n<h2 class=\"wp-block-heading has-text-align-center has-white-color has-text-color has-x-large-font-size\" style=\"margin-bottom:var(--wp--preset--spacing--60)\">Pases de Coworking<\/h2>\n\n\n\n<div class=\"wp-block-columns alignwide is-layout-flex wp-container-core-columns-is-layout-28f84493 wp-block-columns-is-layout-flex\">\n<div class=\"wp-block-column is-vertically-aligned-stretch is-layout-flow wp-block-column-is-layout-flow\" style=\"min-height:280px;flex-basis:33.33%\">\n<div class=\"wp-block-group has-white-background-color has-background has-global-padding is-layout-constrained wp-container-core-group-is-layout-bba678c5 wp-block-group-is-layout-constrained\" style=\"border-radius:14px;min-height:100%;padding-top:var(--wp--preset--spacing--50);padding-right:var(--wp--preset--spacing--40);padding-bottom:var(--wp--preset--spacing--50);padding-left:var(--wp--preset--spacing--40)\">\n<h3 class=\"wp-block-heading has-theme-2-color has-text-color has-large-font-size\">Estancia Corta<\/h3>\n\n\n\n<hr class=\"wp-block-separator has-text-color has-theme-3-color has-alpha-channel-opacity has-theme-3-background-color has-background\" \/>\n\n\n\n<p class=\"has-theme-2-color has-text-color wp-block-paragraph\" style=\"margin-bottom:0;font-style:normal;font-weight:700\">Pase diario (\u00e1rea abierta) \u2013 15 \u20ac<\/p>\n\n\n\n<p class=\"has-theme-4-color has-text-color wp-block-paragraph\" style=\"font-size:0.8125rem\">Entra cualquier d\u00eda, sin compromiso<\/p>\n\n\n\n<p class=\"has-theme-2-color has-text-color wp-block-paragraph\" style=\"margin-bottom:0;font-style:normal;font-weight:700\">Pase flexible de 10h \u2013 22 \u20ac<\/p>\n\n\n\n<p class=\"has-theme-4-color has-text-color wp-block-paragraph\" style=\"font-size:0.8125rem\">\u00dasalo cuando quieras \u00b7 Solo \u00e1rea abierta<\/p>\n<\/div>\n<\/div>\n\n\n\n<div class=\"wp-block-column is-vertically-aligned-stretch is-layout-flow wp-block-column-is-layout-flow\" style=\"min-height:340px;flex-basis:33.33%\">\n<div class=\"wp-block-group has-white-background-color has-background has-global-padding is-layout-constrained wp-container-core-group-is-layout-bba678c5 wp-block-group-is-layout-constrained\" style=\"border-radius:14px;min-height:100%;padding-top:var(--wp--preset--spacing--50);padding-right:var(--wp--preset--spacing--40);padding-bottom:var(--wp--preset--spacing--50);padding-left:var(--wp--preset--spacing--40)\">\n<h3 class=\"wp-block-heading has-text-align-center has-theme-2-color has-text-color has-large-font-size\">Qu\u00e9date un Tiempo<\/h3>\n\n\n\n<hr class=\"wp-block-separator has-text-color has-theme-3-color has-alpha-channel-opacity has-theme-3-background-color has-background\" \/>\n\n\n\n<p class=\"has-theme-2-color has-text-color wp-block-paragraph\" style=\"margin-bottom:0;font-style:normal;font-weight:700\">Pase semanal \u2013 70 \u20ac<\/p>\n\n\n\n<p class=\"has-theme-4-color has-text-color wp-block-paragraph\" style=\"font-size:0.8125rem\">7 d\u00edas \u00b7 Acceso completo \u00b7 Sala de conferencias incluida*<\/p>\n\n\n\n<p class=\"has-theme-2-color has-text-color wp-block-paragraph\" style=\"margin-bottom:0;font-style:normal;font-weight:700\">Pase de 2 semanas \u2013 120 \u20ac<\/p>\n\n\n\n<p class=\"has-theme-4-color has-text-color wp-block-paragraph\" style=\"font-size:0.8125rem\">14 d\u00edas \u00b7 Acceso completo<\/p>\n<\/div>\n<\/div>\n\n\n\n<div class=\"wp-block-column is-vertically-aligned-stretch is-layout-flow wp-block-column-is-layout-flow\" style=\"min-height:400px;flex-basis:33.33%\">\n<div class=\"wp-block-group has-white-background-color has-background has-global-padding is-layout-constrained wp-container-core-group-is-layout-bba678c5 wp-block-group-is-layout-constrained\" style=\"border-radius:14px;min-height:100%;padding-top:var(--wp--preset--spacing--50);padding-right:var(--wp--preset--spacing--40);padding-bottom:var(--wp--preset--spacing--50);padding-left:var(--wp--preset--spacing--40)\">\n<h3 class=\"wp-block-heading has-theme-2-color has-text-color has-large-font-size\">Largo Plazo<\/h3>\n\n\n\n<hr class=\"wp-block-separator has-text-color has-theme-3-color has-alpha-channel-opacity has-theme-3-background-color has-background\" \/>\n\n\n\n<p class=\"has-theme-2-color has-text-color wp-block-paragraph\" style=\"margin-bottom:0;font-style:normal;font-weight:700\">Pase mensual \u2013 250 \u20ac<\/p>\n\n\n\n<p class=\"has-theme-4-color has-text-color wp-block-paragraph\" style=\"font-size:0.8125rem\">Popular \u00b7 Acceso completo<\/p>\n\n\n\n<p class=\"has-theme-2-color has-text-color wp-block-paragraph\" style=\"margin-bottom:0;font-style:normal;font-weight:700\">Pase anual \u2013 2 400 \u20ac<\/p>\n\n\n\n<p class=\"has-theme-4-color has-text-color wp-block-paragraph\" style=\"font-size:0.8125rem\">Mejor relaci\u00f3n calidad-precio \u00b7 Opciones de pago trimestral \/ semestral \/ anual<\/p>\n\n\n\n<p class=\"has-text-color wp-block-paragraph\" style=\"color:rgba(255,255,255,0.5);margin-top:8px;font-size:11px\">* Late payments revert to the monthly pass rate, prorated over the period used.<\/p>\n<\/div>\n<\/div>\n<\/div>\n<\/div>\n\n\n\n<div class=\"wp-block-group alignfull has-theme-5-background-color has-background has-global-padding is-layout-constrained wp-container-core-group-is-layout-1c143203 wp-block-group-is-layout-constrained\" style=\"margin-top:0;padding-top:var(--wp--preset--spacing--80);padding-bottom:var(--wp--preset--spacing--80)\">\n<div class=\"wp-block-group has-white-background-color has-background has-global-padding is-layout-constrained wp-container-core-group-is-layout-87c0ff62 wp-block-group-is-layout-constrained\" style=\"border-radius:12px;border-left-color:#94dad5;border-left-width:4px;padding-top:var(--wp--preset--spacing--60);padding-right:var(--wp--preset--spacing--60);padding-bottom:var(--wp--preset--spacing--60);padding-left:var(--wp--preset--spacing--60)\">\n<p class=\"has-theme-3-color has-text-color has-small-font-size wp-block-paragraph\" style=\"font-style:normal;font-weight:700;letter-spacing:2px;text-transform:uppercase\">Informaci\u00f3n \u00datil<\/p>\n\n\n\n<p class=\"has-theme-2-color has-text-color has-medium-font-size wp-block-paragraph\" style=\"line-height:1.6\">*<strong>Sala de conferencias<\/strong> - gratis para titulares de pase semanal o superior (sujeto a disponibilidad). Disponible por separado a 7 \u20ac + IGIC\/hora.<\/p>\n\n\n\n<p class=\"has-theme-2-color has-text-color has-medium-font-size wp-block-paragraph\" style=\"line-height:1.6\"><strong>Descuento del 10%<\/strong> para residentes y miembros recurrentes.Los miembros de coworking tambi\u00e9n obtienen descuentos en <a href=\"\/es\/kitesurf-lessons-el-medano\/\">clases de kitesurf<\/a> y <a href=\"\/es\/kitesurf-wingfoil-storage-el-medano\/\">taquillas<\/a>.<\/p>\n<\/div>\n<\/div>\n\n\n\n<div class=\"wp-block-group alignfull has-theme-5-background-color has-background has-global-padding is-layout-constrained wp-container-core-group-is-layout-8ca458ba wp-block-group-is-layout-constrained\" style=\"margin-top:0;padding-top:var(--wp--preset--spacing--80);padding-bottom:var(--wp--preset--spacing--80)\">\n<h2 class=\"wp-block-heading has-text-align-center has-theme-2-color has-text-color has-x-large-font-size\" style=\"line-height:1.2\">Preguntas Frecuentes<\/h2>\n\n\n\n<div class=\"wp-block-group has-global-padding is-layout-constrained wp-container-core-group-is-layout-1eb6ef9c wp-block-group-is-layout-constrained\">\n<details style=\"border-top:1px solid #e0e0e0;padding-top:16px;padding-bottom:16px;font-size:1rem;font-weight:600;color:#1e2e5d;margin-top:12px\">\n  <summary>\u00bfHay un espacio de coworking 24\/7 en El M\u00e9dano?<\/summary>\n  <p style=\"color:#1e2e5d;font-size:0.95rem;font-weight:400;line-height:1.6;margin-top:12px\">S\u00ed. Nexus 38 Tenerife ofrece el \u00fanico coworking 24\/7 en El M\u00e9dano, dise\u00f1ado para n\u00f3madas digitales, teletrabajadores, freelancers y emprendedores que quieren un espacio de trabajo c\u00f3modo cerca de la playa.<\/p>\n<\/details>\n<details style=\"border-top:1px solid #e0e0e0;padding-top:16px;padding-bottom:16px;font-size:1rem;font-weight:600;color:#1e2e5d\">\n  <summary>\u00bfQu\u00e9 incluye el espacio de coworking Nexus 38?<\/summary>\n  <p style=\"color:#1e2e5d;font-size:0.95rem;font-weight:400;line-height:1.6;margin-top:12px\">El coworking incluye Wi-Fi de 1 Gb\/s, sillas ergon\u00f3micas, escritorios de pie, acceso 24\/7, caf\u00e9, refrescos y snacks. Tambi\u00e9n hay una sala de conferencias privada disponible mediante reserva.<\/p>\n<\/details>\n<details style=\"border-top:1px solid #e0e0e0;padding-top:16px;padding-bottom:16px;font-size:1rem;font-weight:600;color:#1e2e5d\">\n  <summary>\u00bfPuedo hacer llamadas o celebrar reuniones?<\/summary>\n  <p style=\"color:#1e2e5d;font-size:0.95rem;font-weight:400;line-height:1.6;margin-top:12px\">S\u00ed. Para reuniones, videollamadas o conversaciones que requieran m\u00e1s privacidad, puedes reservar nuestra sala de conferencias privada. No hay una cabina telef\u00f3nica dedicada.<\/p>\n<\/details>\n<details style=\"border-top:1px solid #e0e0e0;padding-top:16px;padding-bottom:16px;font-size:1rem;font-weight:600;color:#1e2e5d\">\n  <summary>\u00bfPor qu\u00e9 elegir Nexus 38 para coworking en El M\u00e9dano? <\/summary>\n  <p style=\"color:#1e2e5d;font-size:0.95rem;font-weight:400;line-height:1.6;margin-top:12px\">El Coworking Nexus 38 es especialmente adecuado para teletrabajadores y n\u00f3madas digitales que buscan un espacio de coworking peque\u00f1o y c\u00f3modo en el centro de El M\u00e9dano, sobre todo para quienes combinan el trabajo con el kitesurf u otros deportes acu\u00e1ticos. El coworking ofrece acceso 24\/7, Wi-Fi de 1 Gb\/s, sillas ergon\u00f3micas, escritorios de pie, una sala de conferencias privada, caf\u00e9, refrescos y snacks. El Coworking Nexus 38 est\u00e1 a unos 3 minutos a pie de la playa, la estaci\u00f3n de autobuses, supermercados, cafeter\u00edas y restaurantes, y a aproximadamente 8 minutos del spot principal de kitesurf de El M\u00e9dano. A diferencia de una oficina grande con hileras de escritorios, el espacio es intencionadamente peque\u00f1o y orientado a la comunidad. Tambi\u00e9n hay disponible almacenamiento de equipo de kite y wingfoil en la misma ubicaci\u00f3n.\n<\/p>\n<\/details>\n<details style=\"border-top:1px solid #e0e0e0;border-bottom:1px solid #e0e0e0;padding-top:16px;padding-bottom:16px;font-size:1rem;font-weight:600;color:#1e2e5d\">\n  <summary>\u00bfPuedo combinar coworking con almacenamiento de kite o wingfoil?<\/summary>\n  <p style=\"color:#1e2e5d;font-size:0.95rem;font-weight:400;line-height:1.6;margin-top:12px\">S\u00ed. Nuestros paquetes de Coworking + Almacenamiento de Equipo est\u00e1n dise\u00f1ados especialmente para teletrabajadores que tambi\u00e9n practican kitesurf o wingfoil. Puedes trabajar, guardar tu equipo y llegar a la playa o al spot de kite andando desde la misma base central.<\/p>\n<\/details>\n<\/div>\n<\/div>\n\n\n\n<div class=\"wp-block-cover alignfull is-style-section-2 is-style-section-2--1\" style=\"margin-top:0;padding-top:var(--wp--preset--spacing--80);padding-bottom:var(--wp--preset--spacing--80);aspect-ratio:unset;\"><span aria-hidden=\"true\" class=\"wp-block-cover__background has-theme-2-background-color has-background-dim-0 has-background-dim\"><\/span><div class=\"wp-block-cover__inner-container has-global-padding is-layout-constrained wp-container-core-cover-is-layout-1c143203 wp-block-cover-is-layout-constrained\">\n<p class=\"has-text-align-center has-theme-3-color has-text-color has-small-font-size wp-block-paragraph\" style=\"font-style:normal;font-weight:700;letter-spacing:3px;text-transform:uppercase\">Reserva Tu Escritorio<\/p>\n\n\n\n<h2 class=\"wp-block-heading has-text-align-center has-white-color has-text-color has-xx-large-font-size\" style=\"line-height:1.1\">\u00bfListo para trabajar desde el para\u00edso?<\/h2>\n\n\n\n<p class=\"has-text-align-center has-white-color has-text-color has-medium-font-size wp-block-paragraph\" style=\"line-height:1.6\">Consigue un pase diario, una membres\u00eda semanal, o pregunta por las tarifas a largo plazo. Escr\u00edbenos y te lo solucionamos.<\/p>\n\n\n\n<div class=\"wp-block-buttons is-content-justification-center is-layout-flex wp-container-core-buttons-is-layout-69bbf988 wp-block-buttons-is-layout-flex\">\n<div class=\"wp-block-button\"><a class=\"wp-block-button__link has-white-color has-text-color has-background wp-element-button\" href=\"https:\/\/wa.me\/message\/UUWWTOR7LXT6M1\" style=\"border-radius:6px;color:#ffffff;background-color:#00B4C8\">Reserva Tu Escritorio<\/a><\/div>\n<\/div>\n<\/div><\/div>","protected":false},"excerpt":{"rendered":"<p>Flexible 24\/7 coworking in El M\u00e9dano for remote workers, freelancers, and digital nomads. Fast Wi-Fi, great vibes, and the beach minutes away.<\/p>","protected":false},"author":282391838,"featured_media":0,"parent":40,"menu_order":0,"comment_status":"closed","ping_status":"closed","template":"","meta":{"advanced_seo_description":"","jetpack_seo_html_title":"","jetpack_seo_noindex":false,"jetpack_seo_schema_type":"","_wpcom_ai_launchpad_about_page":false,"_wpcom_ai_launchpad_gallery_page":false,"_wpcom_ai_launchpad_contact_page":false,"_wpcom_ai_launchpad_events_page":false,"_wpcom_ai_launchpad_video_page":false,"_wpcom_ai_launchpad_portfolio_piece":false,"footnotes":"","big_sky_generated":false},"class_list":["post-43","page","type-page","status-publish","hentry"],"jetpack_likes_enabled":true,"jetpack_sharing_enabled":true,"jetpack_shortlink":"https:\/\/wp.me\/PhkrM6-H","jetpack-related-posts":[],"_links":{"self":[{"href":"https:\/\/nexus38tenerife.com\/es\/wp-json\/wp\/v2\/pages\/43","targetHints":{"allow":["GET"]}}],"collection":[{"href":"https:\/\/nexus38tenerife.com\/es\/wp-json\/wp\/v2\/pages"}],"about":[{"href":"https:\/\/nexus38tenerife.com\/es\/wp-json\/wp\/v2\/types\/page"}],"author":[{"embeddable":true,"href":"https:\/\/nexus38tenerife.com\/es\/wp-json\/wp\/v2\/users\/282391838"}],"replies":[{"embeddable":true,"href":"https:\/\/nexus38tenerife.com\/es\/wp-json\/wp\/v2\/comments?post=43"}],"version-history":[{"count":24,"href":"https:\/\/nexus38tenerife.com\/es\/wp-json\/wp\/v2\/pages\/43\/revisions"}],"predecessor-version":[{"id":434,"href":"https:\/\/nexus38tenerife.com\/es\/wp-json\/wp\/v2\/pages\/43\/revisions\/434"}],"up":[{"embeddable":true,"href":"https:\/\/nexus38tenerife.com\/es\/wp-json\/wp\/v2\/pages\/40"}],"wp:attachment":[{"href":"https:\/\/nexus38tenerife.com\/es\/wp-json\/wp\/v2\/media?parent=43"}],"curies":[{"name":"wp","href":"https:\/\/api.w.org\/{rel}","templated":true}]}}